{"id":711,"date":"2022-03-13T00:56:32","date_gmt":"2022-03-13T00:56:32","guid":{"rendered":"https:\/\/nra.pt\/?page_id=711"},"modified":"2022-03-21T21:53:13","modified_gmt":"2022-03-21T21:53:13","slug":"cr6100cs","status":"publish","type":"page","link":"https:\/\/nra.pt\/index.php\/cr6100cs\/","title":{"rendered":"CR6100CS"},"content":{"rendered":"\n<div class=\"wp-block-image is-style-default\"><figure class=\"aligncenter size-full\"><img loading=\"lazy\" decoding=\"async\" width=\"570\" height=\"364\" src=\"https:\/\/nra.pt\/wp-content\/uploads\/2022\/03\/cr6100cs.jpg\" alt=\"\" class=\"wp-image-1080\" srcset=\"https:\/\/nra.pt\/wp-content\/uploads\/2022\/03\/cr6100cs.jpg 570w, https:\/\/nra.pt\/wp-content\/uploads\/2022\/03\/cr6100cs-300x192.jpg 300w\" sizes=\"auto, (max-width: 570px) 100vw, 570px\" \/><\/figure><\/div>\n\n\n\n<p><\/p>\n\n\n\n<p>O NRA escolheu o Farol do Cabo Sard\u00e3o para activar este ano o ILLW &#8211; 2015. Este Farol comemorou no passado dia 15 de Abril de 2015, o seu primeiro centen\u00e1rio.<\/p>\n\n\n\n<p>Operadores: <\/p>\n\n\n\n<ul class=\"wp-block-list\"><li>CT1CZT &#8211; Ant\u00f3nio Gamito (Team leader)<\/li><li>CT1ELZ &#8211; Manuel Pires<\/li><li>CR7AHW &#8211; Joaquim Ferreira<\/li><\/ul>\n\n\n\n<p>QTH Locator IM56OO<\/p>\n\n\n\n<p>Dados t\u00e9cnicos do Farol:<\/p>\n\n\n\n<ul class=\"wp-block-list\"><li>Localiza\u00e7\u00e3o: Na Ponta do Cavaleiro ou Cabo Sard\u00e3o<\/li><li>Fun\u00e7\u00e3o: Costeiro<\/li><li>Estabelecimento: 1915<\/li><li>Latitude: 37\u00ba 35&#8242;,99 N<\/li><li>Longitude: 08\u00ba 48&#8242;,88 W<\/li><li>Altura: 17 m<\/li><li>Altitude: 68 m<\/li><li>Alcance: 23 MI (42,5 Km)<\/li><li>Carater\u00edstica: Fl (3) W 15s (Lt 0,2s;Ec 2,8s;Lt 0,2s;Ec 2,8s; Lt 0,2s; Ec 8,8s)\u200b<\/li><\/ul>\n\n\n\n<table style=\"width: 100%;\">\n    <tr style=\"text-align: center;border: 1px solid #dddddd;background-color: #999999;\">\n        <th colspan=\"3\" style=\"text-align: center;\"><strong>Refer\u00eancias v\u00e1lidas para esta atividade<\/strong><\/th>\n    <\/tr>\n    <tr style=\"background-color: #999999;\">\n        <th style=\"text-align: center;border: 1px solid #dddddd;\">Acr\u00f3nimo<\/th>\n        <th style=\"text-align: center;border: 1px solid #dddddd;\">Refer\u00eancia<\/th>\n        <th style=\"text-align: center;border: 1px solid #dddddd;\">Designa\u00e7\u00e3o<\/th>\n    <\/tr>\n    <tr>\n        <td style=\"text-align: center;border: 1px solid #dddddd;\">DDFP<\/td>\n        <td style=\"text-align: center;border: 1px solid #dddddd;\">ODM-09<\/td>\n        <td style=\"text-align: center;border: 1px solid #dddddd;\">Portuguese Parishes Award<\/td>\n    <\/tr>\n    <tr>\n        <td style=\"text-align: center;border: 1px solid #dddddd;\">DMHP<\/td>\n        <td style=\"text-align: center;border: 1px solid #dddddd;\">BJ-098<\/td>\n        <td style=\"text-align: center;border: 1px solid #dddddd;\">Portugue Historical Monuments Award<\/td>\n    <\/tr>\n    <tr>\n        <td style=\"text-align: center;border: 1px solid #dddddd;\">DMP<\/td>\n        <td style=\"text-align: center;border: 1px solid #dddddd;\">0211<\/td>\n        <td style=\"text-align: center;border: 1px solid #dddddd;\">Portuguese Counties Award<\/td>\n    <\/tr>    \n        <tr>\n        <td style=\"text-align: center;border: 1px solid #dddddd;\">DPRN<\/td>\n        <td style=\"text-align: center;border: 1px solid #dddddd;\">DPRN-012<\/td>\n        <td style=\"text-align: center;border: 1px solid #dddddd;\">Natural Parks, Natural Reserves and Protected Landscapes<\/td>\n    <\/tr>\n    <tr>\n        <td style=\"text-align: center;border: 1px solid #dddddd;\">WFF<\/td>\n        <td style=\"text-align: center;border: 1px solid #dddddd;\">CTFF-012<\/td>\n        <td style=\"text-align: center;border: 1px solid #dddddd;\">Wild Flora and Fauna<\/td>\n    <\/tr>  \n    <tr>\n        <td style=\"text-align: center;border: 1px solid #dddddd;\">WCA<\/td>\n        <td style=\"text-align: center;border: 1px solid #dddddd;\">CT-0572<\/td>\n        <td style=\"text-align: center;border: 1px solid #dddddd;\">World Castles Award<\/td>\n    <\/tr>    \n        <tr>\n        <td style=\"text-align: center;border: 1px solid #dddddd;\">ARLHS<\/td>\n        <td style=\"text-align: center;border: 1px solid #dddddd;\">POR 014<\/td>\n        <td style=\"text-align: center;border: 1px solid #dddddd;\">Amateur Radio Lighthouse Society<\/td>\n    <\/tr>\n    <tr>\n        <td style=\"text-align: center;border: 1px solid #dddddd;\">DFP<\/td>\n        <td style=\"text-align: center;border: 1px solid #dddddd;\">FBA02<\/td>\n        <td style=\"text-align: center;border: 1px solid #dddddd;\">Portuguese Lighthouse Award<\/td>\n    <\/tr>       \n    <tr>\n        <td style=\"text-align: center;border: 1px solid #dddddd;\">ILLW<\/td>\n        <td style=\"text-align: center;border: 1px solid #dddddd;\">PT0024<\/td>\n        <td style=\"text-align: center;border: 1px solid #dddddd;\">International Lightship Light Weekend<\/td>\n    <\/tr>         \n<\/table>\n","protected":false},"excerpt":{"rendered":"<p>O NRA escolheu o Farol do Cabo Sard\u00e3o para activar este ano o ILLW &#8211; 2015. Este Farol comemorou no<\/p>\n","protected":false},"author":1,"featured_media":0,"parent":0,"menu_order":0,"comment_status":"closed","ping_status":"closed","template":"","meta":{"colormag_page_container_layout":"default_layout","colormag_page_sidebar_layout":"default_layout","footnotes":""},"class_list":["post-711","page","type-page","status-publish","hentry"],"publishpress_future_workflow_manual_trigger":{"enabledWorkflows":[]},"_links":{"self":[{"href":"https:\/\/nra.pt\/index.php\/wp-json\/wp\/v2\/pages\/711","targetHints":{"allow":["GET"]}}],"collection":[{"href":"https:\/\/nra.pt\/index.php\/wp-json\/wp\/v2\/pages"}],"about":[{"href":"https:\/\/nra.pt\/index.php\/wp-json\/wp\/v2\/types\/page"}],"author":[{"embeddable":true,"href":"https:\/\/nra.pt\/index.php\/wp-json\/wp\/v2\/users\/1"}],"replies":[{"embeddable":true,"href":"https:\/\/nra.pt\/index.php\/wp-json\/wp\/v2\/comments?post=711"}],"version-history":[{"count":6,"href":"https:\/\/nra.pt\/index.php\/wp-json\/wp\/v2\/pages\/711\/revisions"}],"predecessor-version":[{"id":1126,"href":"https:\/\/nra.pt\/index.php\/wp-json\/wp\/v2\/pages\/711\/revisions\/1126"}],"wp:attachment":[{"href":"https:\/\/nra.pt\/index.php\/wp-json\/wp\/v2\/media?parent=711"}],"curies":[{"name":"wp","href":"https:\/\/api.w.org\/{rel}","templated":true}]}}