{"id":496,"date":"2022-02-28T11:50:45","date_gmt":"2022-02-28T11:50:45","guid":{"rendered":"https:\/\/nra.pt\/?page_id=496"},"modified":"2022-03-12T03:20:03","modified_gmt":"2022-03-12T03:20:03","slug":"o-nosso-patrono","status":"publish","type":"page","link":"https:\/\/nra.pt\/index.php\/o-nosso-patrono\/","title":{"rendered":"Patrono"},"content":{"rendered":"\n<div class=\"wp-block-image is-style-default\"><figure class=\"aligncenter size-full\"><img loading=\"lazy\" decoding=\"async\" width=\"313\" height=\"477\" src=\"https:\/\/nra.pt\/wp-content\/uploads\/2022\/03\/alm-jorge-maia-ramos-pereira.png\" alt=\"\" class=\"wp-image-643\" srcset=\"https:\/\/nra.pt\/wp-content\/uploads\/2022\/03\/alm-jorge-maia-ramos-pereira.png 313w, https:\/\/nra.pt\/wp-content\/uploads\/2022\/03\/alm-jorge-maia-ramos-pereira-197x300.png 197w\" sizes=\"auto, (max-width: 313px) 100vw, 313px\" \/><\/figure><\/div>\n\n\n\n<h2 class=\"has-text-align-center wp-block-heading\"><strong>Patrono do N\u00facleo de Radioamadores da Armada<\/strong><\/h2>\n\n\n\n<h5 class=\"has-text-align-center wp-block-heading\"><strong>Almirante Jorge Maia Ramos Pereira<\/strong><\/h5>\n\n\n\n<h6 class=\"has-text-align-center wp-block-heading\"><strong>(1901-1974)<\/strong><\/h6>\n\n\n\n<p>Filho do m\u00e9dico Lu\u00eds Ramos Pereira, nasceu em Vila Praia de \u00c2ncora, concelho de Caminha, a 6 de Abril de 1901.<br>Frequentou o Col\u00e9gio Militar e, ap\u00f3s dois anos de servi\u00e7o no Ex\u00e9rcito, ingressou na Escola Naval, onde concluiu o curso de Marinha como primeiro classificado.<br>Promovido a Guarda-Marinha em Fevereiro de 1924, efectuou v\u00e1rios embarques como oficial subalterno, dos quais se destaca uma comiss\u00e3o no Extremo Oriente, entre 1930 e 1932, a bordo do cruzador &#8220;Adamastor&#8221;. Nessa comiss\u00e3o come\u00e7ou a revelar um grande interesse pelas radiocomunica\u00e7\u00f5es, tendo sido louvado pela sua ac\u00e7\u00e3o t\u00e9cnica na direc\u00e7\u00e3o da instala\u00e7\u00e3o el\u00e9ctrica e dos equipamentos r\u00e1dio do navio.<br>Foi colocado na Direc\u00e7\u00e3o do Servi\u00e7o de Electricidade e Comunica\u00e7\u00f5es em Outubro de 1932. Ali viria a passar cerca de 21 anos, apenas interrompidos por duas comiss\u00f5es de embarque como Imediato dos contratorpedeiros &#8220;Lima&#8221; e &#8220;Douro&#8221;, entre 1935 e 1936. Durante esse longo per\u00edodo, desenvolveu um significativo trabalho no desenvolvimento das comunica\u00e7\u00f5es r\u00e1dio, dirigindo a constru\u00e7\u00e3o e experimenta\u00e7\u00e3o de novos equipamentos (actividade em que se valeu da sua experi\u00eancia de radioamador) e organizando cursos para oficiais, sargentos art\u00edfices e pra\u00e7as. Entre as v\u00e1rias publica\u00e7\u00f5es t\u00e9cnicas que elaborou, destaca-se um comp\u00eandio de radioelectricidade editado em 1952, que serviu de base de apoio a v\u00e1rios cursos. Foi tamb\u00e9m respons\u00e1vel pela reorganiza\u00e7\u00e3o e moderniza\u00e7\u00e3o, em equipamento e instala\u00e7\u00f5es, da rede de esta\u00e7\u00f5es radionavais da Marinha.<br>Passando, sucessivamente, pelos cargos de Secret\u00e1rio, Subdirector e Director, deixaria a Direc\u00e7\u00e3o do Servi\u00e7o de Electricidade e Comunica\u00e7\u00f5es em Fevereiro de 1954, j\u00e1 como Capit\u00e3o-de-Fragata, para exercer o comando do aviso de 2\u00aa classe &#8220;Jo\u00e3o de Lisboa&#8221;, enviado em miss\u00e3o de soberania \u00e0 \u00cdndia portuguesa, por ocasi\u00e3o das graves perturba\u00e7\u00f5es ali ocorridas naquele ano.<br>Regressado \u00e0 Metr\u00f3pole em 1956, ano em que foi promovido a Capit\u00e3o-de-Mar-e-Guerra, passou pelo Estado-Maior Naval, antes de ser enviado a frequentar o Naval Command Course no United States Naval College.<br>Em Junho de 1958 foi nomeado Subdirector do Instituto Superior Naval de Guerra, ascendendo a Director, j\u00e1 no posto de Comodoro, no in\u00edcio de 1960. Empreende, ent\u00e3o, profundas altera\u00e7\u00f5es na organiza\u00e7\u00e3o e nos curricula daquele Instituto, tendo sido respons\u00e1vel pela sua mudan\u00e7a para as instala\u00e7\u00f5es definitivas, na Rua da Junqueira. Promovido a Contra-Almirante em Julho de 1960, viria a pedir a sua demiss\u00e3o na sequ\u00eancia de um discurso do Ministro da Marinha, aquando da abertura solene do ano lectivo 1961-62, que considerou atentat\u00f3rio do seu brio profissional.<br>Passa \u00e0 Reserva em Abril de 1966, tendo, ainda, exercido as fun\u00e7\u00f5es de Director do Museu da Marinha, entre 1968 e 1971. Em Outubro de 1969 chega a ter alguns assomos de actividade pol\u00edtica, candidatando-se a deputado por Viana do Castelo na lista da Oposi\u00e7\u00e3o Democr\u00e1tica.<br>Nos \u00faltimos anos da sua vida desenvolveu uma intensa actividade intelectual, quer na vertente t\u00e9cnico-cient\u00edfica quer, principalmente, na vertente cultural. Foi um dos dez fundadores do Centro de Estudos de Hist\u00f3ria Mar\u00edtima, mais tarde designado por Centro de Estudos de Marinha, que daria, em 1978, origem \u00e0 Academia de Marinha.<br>Entre os v\u00e1rios trabalhos que publicou, maioritariamente de cariz t\u00e9cnico, avulta, no campo da Hist\u00f3ria, um estudo sobre a vida de Gago Coutinho, que publica em 1973. Tamb\u00e9m se debru\u00e7ou sobre a figura de Fontoura da Costa, sendo ainda de mencionar o seu interesse pelo patrim\u00f3nio arquitect\u00f3nico da Marinha.<br>Faleceu em Lisboa, no Hospital da Marinha, na sequ\u00eancia de um carcinoma estomacal, no dia 16 de Mar\u00e7o de 1974.<br>Em 1982 foi, a t\u00edtulo p\u00f3stumo, agraciado pelo Presidente da Rep\u00fablica com a Comenda da Ordem da Liberdade. A sua mem\u00f3ria foi ainda homenageada com a atribui\u00e7\u00e3o do seu nome \u00e0 esta\u00e7\u00e3o radionaval da Ap\u00falia (na sua terra natal), hoje desactivada.<\/p>\n\n\n\n<h6 class=\"has-text-align-right wp-block-heading\"><strong>Jorge M. Moreira Silva | 2009<\/strong><\/h6>\n\n\n\n<p>Bibliografia<\/p>\n\n\n\n<ul class=\"wp-block-list\"><li>A Propaga\u00e7\u00e3o das Ondas Electromagn\u00e9ticas em Torno da Superf\u00edcie da Terra, sep. Anais do Clube Militar Naval, Lisboa, Imprensa Nacional, 1934 Radioelectricidade Elementar, Lisboa, Livraria Luso-Espanhola, 1952<\/li><li>Radioelectricidade, Lisboa, Livraria Luso-Espanhola, 1955<\/li><li>A Educa\u00e7\u00e3o e a Ci\u00eancia na Competi\u00e7\u00e3o Comunista, Lisboa : Tip. da L. C. G. G., 1959<\/li><li>A Prepara\u00e7\u00e3o dos Oficiais Superiores da Nossa Armada, sep. Anais do Clube Militar Naval, Lisboa, Tip. da L. C. G. G., Outubro-Dezembro 1959<\/li><li>A Carreira Naval na Era Nuclear, sep. Anais do Clube Militar Naval, Lisboa, L.C.G.G., Janeiro-Mar\u00e7o 1960<\/li><li>O Minist\u00e9rio da Marinha e as suas Prec\u00e1rias Instala\u00e7\u00f5es, sep. dos Anais do Clube Militar Naval, n\u00bas 10 a 12,Lisboa, Tip. L.C.G.G., 1961<\/li><li>&#8220;As Instala\u00e7\u00f5es da Marinha&#8221;, Revista de Marinha, v. 25, n\u00ba 457, Lisboa, Abril de 1961, pp. 13-22<\/li><li>As Longas Comiss\u00f5es de Servi\u00e7o da Marinha de Guerra nas \u00c1guas da \u00cdndia Portuguesa, palestra proferida no Rotary Clube de Viana do Castelo em 19 de Setembro de 1962, Porto, Ed. do Rotary Clube de Viana do Castelo, 1962<\/li><li>&#8220;Subs\u00eddios para a Hist\u00f3ria dos Cursos de Radioelectricidade e de Comunica\u00e7\u00e3o da nossa Armada&#8221;, Anais do Clube Militar Naval, Lisboa, Of. Graf. Minerva, 1965, pp. 691-752<\/li><li>Divagando sobre o Passado e o Futuro do Clube Militar Naval, sep. Anais do Clube Militar Naval, ed. especial comemorativa do centen\u00e1rio 1866-1966, Lisboa, Instituto Hidrogr\u00e1fico, 1966<\/li><li>A Instru\u00e7\u00e3o: Base do Progresso dos Povos, Braga, Rotary Club, 1967<\/li><li>&#8220;Subs\u00eddios para a Hist\u00f3ria do Instituto Superior Naval de Guerra&#8221;, Anais do Clube Militar Naval, v. 97, t. 1-3, 4-6, 10-12, Lisboa, 1967<\/li><li>Gago Coutinho: Ge\u00f3grafo, Lisboa, Minist\u00e9rio da Educa\u00e7\u00e3o Nacional, 1973<\/li><li>Fontoura da Costa: Professor Insigne, Matem\u00e1tico Categorizado, Marinheiro Brioso mas Inconformado que muito Dignificou a Marinha e Honrou a P\u00e1tria, Lisboa, Centro de Estudos da Marinha, 1973<\/li><\/ul>\n\n\n\n<p>Estudos<\/p>\n\n\n\n<ul class=\"wp-block-list\"><li>ANT\u00d3NIO, Joaquim F\u00e9lix, &#8220;Sess\u00e3o Solene Evocativa do Vice-Almirante Jorge Maia Ramos Pereira por Ocasi\u00e3o do 1\u00ba Centen\u00e1rio do seu Nascimento&#8221;, Revista da Armada, n\u00ba 342, Lisboa, Maio de 2001, pp. 14-17<\/li><\/ul>\n\n\n\n<p>Notas do NRA<\/p>\n\n\n\n<ul class=\"wp-block-list\"><li>Foi s\u00f3cio honor\u00e1rio da REP;<\/li><li>Foi distinguido em 1932 com o Certificado \u00a0WAC, conforme atesta o documento da IARU em anexo;<\/li><li>Em Lisboa e a bordo do Cruzador Vasco da gama, teve o indicativo CT1CN e a bordo do Cruzador Adamastor, no extremo Oriente, teve o indicativo CR9CN<\/li><li>Casou em 11 de Maio de 1939, com D. Maria da Gra\u00e7a Lopes de Mendon\u00e7a n\u00e3o tendo o casal deixado descend\u00eancia.<\/li><\/ul>\n\n\n\n<p><\/p>\n","protected":false},"excerpt":{"rendered":"<p>Patrono do N\u00facleo de Radioamadores da Armada Almirante Jorge Maia Ramos Pereira (1901-1974) Filho do m\u00e9dico Lu\u00eds Ramos Pereira, nasceu<\/p>\n","protected":false},"author":1,"featured_media":0,"parent":0,"menu_order":0,"comment_status":"closed","ping_status":"closed","template":"","meta":{"colormag_page_container_layout":"default_layout","colormag_page_sidebar_layout":"default_layout","footnotes":""},"class_list":["post-496","page","type-page","status-publish","hentry"],"publishpress_future_workflow_manual_trigger":{"enabledWorkflows":[]},"_links":{"self":[{"href":"https:\/\/nra.pt\/index.php\/wp-json\/wp\/v2\/pages\/496","targetHints":{"allow":["GET"]}}],"collection":[{"href":"https:\/\/nra.pt\/index.php\/wp-json\/wp\/v2\/pages"}],"about":[{"href":"https:\/\/nra.pt\/index.php\/wp-json\/wp\/v2\/types\/page"}],"author":[{"embeddable":true,"href":"https:\/\/nra.pt\/index.php\/wp-json\/wp\/v2\/users\/1"}],"replies":[{"embeddable":true,"href":"https:\/\/nra.pt\/index.php\/wp-json\/wp\/v2\/comments?post=496"}],"version-history":[{"count":7,"href":"https:\/\/nra.pt\/index.php\/wp-json\/wp\/v2\/pages\/496\/revisions"}],"predecessor-version":[{"id":649,"href":"https:\/\/nra.pt\/index.php\/wp-json\/wp\/v2\/pages\/496\/revisions\/649"}],"wp:attachment":[{"href":"https:\/\/nra.pt\/index.php\/wp-json\/wp\/v2\/media?parent=496"}],"curies":[{"name":"wp","href":"https:\/\/api.w.org\/{rel}","templated":true}]}}